{"version":"1.0","provider_name":"K\u00d6LLA \u2013 THE FRUIT COMPANY","provider_url":"https:\/\/koella.com\/de\/","author_name":"Julia Schmitz","author_url":"https:\/\/koella.com\/de\/author\/jschmitz\/","title":"S\u00fcdeurop\u00e4ische Salatvariationen &#8211; K\u00d6LLA \u2013 THE FRUIT COMPANY","type":"rich","width":600,"height":338,"html":"<blockquote class=\"wp-embedded-content\" data-secret=\"VUDMi9W4gd\"><a href=\"https:\/\/koella.com\/de\/news\/suedeuropaeische-salatvariationen\/\">S\u00fcdeurop\u00e4ische Salatvariationen<\/a><\/blockquote><iframe sandbox=\"allow-scripts\" security=\"restricted\" src=\"https:\/\/koella.com\/de\/news\/suedeuropaeische-salatvariationen\/embed\/#?secret=VUDMi9W4gd\" width=\"600\" height=\"338\" title=\"&#8222;S\u00fcdeurop\u00e4ische Salatvariationen&#8220; &#8211; K\u00d6LLA \u2013 THE FRUIT COMPANY\" data-secret=\"VUDMi9W4gd\" frameborder=\"0\" marginwidth=\"0\" marginheight=\"0\" scrolling=\"no\" class=\"wp-embedded-content\"><\/iframe><script type=\"text\/javascript\">\n\/* <![CDATA[ *\/\n\/*! This file is auto-generated *\/\n!function(d,l){\"use strict\";l.querySelector&&d.addEventListener&&\"undefined\"!=typeof URL&&(d.wp=d.wp||{},d.wp.receiveEmbedMessage||(d.wp.receiveEmbedMessage=function(e){var t=e.data;if((t||t.secret||t.message||t.value)&&!\/[^a-zA-Z0-9]\/.test(t.secret)){for(var s,r,n,a=l.querySelectorAll('iframe[data-secret=\"'+t.secret+'\"]'),o=l.querySelectorAll('blockquote[data-secret=\"'+t.secret+'\"]'),c=new RegExp(\"^https?:$\",\"i\"),i=0;i<o.length;i++)o[i].style.display=\"none\";for(i=0;i<a.length;i++)s=a[i],e.source===s.contentWindow&&(s.removeAttribute(\"style\"),\"height\"===t.message?(1e3<(r=parseInt(t.value,10))?r=1e3:~~r<200&&(r=200),s.height=r):\"link\"===t.message&&(r=new URL(s.getAttribute(\"src\")),n=new URL(t.value),c.test(n.protocol))&&n.host===r.host&&l.activeElement===s&&(d.top.location.href=t.value))}},d.addEventListener(\"message\",d.wp.receiveEmbedMessage,!1),l.addEventListener(\"DOMContentLoaded\",function(){for(var e,t,s=l.querySelectorAll(\"iframe.wp-embedded-content\"),r=0;r<s.length;r++)(t=(e=s[r]).getAttribute(\"data-secret\"))||(t=Math.random().toString(36).substring(2,12),e.src+=\"#?secret=\"+t,e.setAttribute(\"data-secret\",t)),e.contentWindow.postMessage({message:\"ready\",secret:t},\"*\")},!1)))}(window,document);\n\/\/# sourceURL=https:\/\/koella.com\/wp-includes\/js\/wp-embed.min.js\n\/* ]]> *\/\n<\/script>\n","thumbnail_url":"https:\/\/koella.com\/wp-content\/uploads\/2021\/11\/Vorlage-Beitragsbild-Vorschau-1-scaled.jpg","thumbnail_width":2560,"thumbnail_height":1707,"description":"\u201eWenn auch weiterhin die Wetterbedingungen zugunsten der Ernte bleiben, gehen wir grunds\u00e4tzlich von einer regul\u00e4ren Wintersaison aus.\u201c \u2013 so die Aussage von Marcus De Luca, dem K\u00d6LLA\u00a0 Spezialisten f\u00fcr italienische Salate nach seinem Besuch der ..."}