{"version":"1.0","provider_name":"K\u00d6LLA \u2013 THE FRUIT COMPANY","provider_url":"https:\/\/koella.com\/it\/","author_name":"Eva Hoffmann","author_url":"https:\/\/koella.com\/it\/author\/ehoffmann\/","title":"K\u00d6LLA Bolzano: Fabian Negri nuovo Amministratore delegato &#8211; K\u00d6LLA \u2013 THE FRUIT COMPANY","type":"rich","width":600,"height":338,"html":"<blockquote class=\"wp-embedded-content\" data-secret=\"KctEerxFpv\"><a href=\"https:\/\/koella.com\/it\/news-it\/koella-bolzano-fabian-negri-nuovo-amministratore-delegato\/\">K\u00d6LLA Bolzano: Fabian Negri nuovo Amministratore delegato<\/a><\/blockquote><iframe sandbox=\"allow-scripts\" security=\"restricted\" src=\"https:\/\/koella.com\/it\/news-it\/koella-bolzano-fabian-negri-nuovo-amministratore-delegato\/embed\/#?secret=KctEerxFpv\" width=\"600\" height=\"338\" title=\"&#8220;K\u00d6LLA Bolzano: Fabian Negri nuovo Amministratore delegato&#8221; &#8212; K\u00d6LLA \u2013 THE FRUIT COMPANY\" data-secret=\"KctEerxFpv\" frameborder=\"0\" marginwidth=\"0\" marginheight=\"0\" scrolling=\"no\" class=\"wp-embedded-content\"><\/iframe><script type=\"text\/javascript\">\n\/* <![CDATA[ *\/\n\/*! This file is auto-generated *\/\n!function(d,l){\"use strict\";l.querySelector&&d.addEventListener&&\"undefined\"!=typeof URL&&(d.wp=d.wp||{},d.wp.receiveEmbedMessage||(d.wp.receiveEmbedMessage=function(e){var t=e.data;if((t||t.secret||t.message||t.value)&&!\/[^a-zA-Z0-9]\/.test(t.secret)){for(var s,r,n,a=l.querySelectorAll('iframe[data-secret=\"'+t.secret+'\"]'),o=l.querySelectorAll('blockquote[data-secret=\"'+t.secret+'\"]'),c=new RegExp(\"^https?:$\",\"i\"),i=0;i<o.length;i++)o[i].style.display=\"none\";for(i=0;i<a.length;i++)s=a[i],e.source===s.contentWindow&&(s.removeAttribute(\"style\"),\"height\"===t.message?(1e3<(r=parseInt(t.value,10))?r=1e3:~~r<200&&(r=200),s.height=r):\"link\"===t.message&&(r=new URL(s.getAttribute(\"src\")),n=new URL(t.value),c.test(n.protocol))&&n.host===r.host&&l.activeElement===s&&(d.top.location.href=t.value))}},d.addEventListener(\"message\",d.wp.receiveEmbedMessage,!1),l.addEventListener(\"DOMContentLoaded\",function(){for(var e,t,s=l.querySelectorAll(\"iframe.wp-embedded-content\"),r=0;r<s.length;r++)(t=(e=s[r]).getAttribute(\"data-secret\"))||(t=Math.random().toString(36).substring(2,12),e.src+=\"#?secret=\"+t,e.setAttribute(\"data-secret\",t)),e.contentWindow.postMessage({message:\"ready\",secret:t},\"*\")},!1)))}(window,document);\n\/\/# sourceURL=https:\/\/koella.com\/wp-includes\/js\/wp-embed.min.js\n\/* ]]> *\/\n<\/script>\n","thumbnail_url":"https:\/\/koella.com\/wp-content\/uploads\/2020\/05\/Fabian-Negri_NEWS_800x600.jpg","thumbnail_width":1602,"thumbnail_height":1201,"description":"Dal 1.5.2020 il sig. Fabian Negri ha assunto la responsabilit\u00e0 di amministratore delegato della filiale K\u00d6LLA Italia SRL di Bolzano. Dopo la laurea in economia aziendale presso la Universit\u00e0 di Innsbruck, il signor Negri \u00e8 ..."}